{"id":2227,"date":"2024-12-24T10:00:34","date_gmt":"2024-12-24T09:00:34","guid":{"rendered":"https:\/\/tarvitur.com\/visitas-educa\/"},"modified":"2024-12-24T11:35:18","modified_gmt":"2024-12-24T10:35:18","slug":"visitas-educa","status":"publish","type":"page","link":"https:\/\/tarvitur.com\/es\/visitas-educa\/","title":{"rendered":"Visitas Educa"},"content":{"rendered":"\n<style type=\"text\/css\" data-created_by=\"avia_inline_auto\" id=\"style-css-av-swpkz-61f5f3d7c801db59f94b5210719dfdcb\">\n.avia-section.av-swpkz-61f5f3d7c801db59f94b5210719dfdcb{\nbackground-repeat:no-repeat;\nbackground-image:url(https:\/\/tarvitur.com\/wp-content\/uploads\/2024\/11\/tarvitur-visites-reus-modernista-02-1413x630.jpg);\nbackground-position:50% 50%;\nbackground-attachment:scroll;\n}\n.avia-section.av-swpkz-61f5f3d7c801db59f94b5210719dfdcb .av-section-color-overlay{\nopacity:0.5;\nbackground-color:#0a0a0a;\n}\n<\/style>\n<div id='av_section_1'  class='avia-section av-swpkz-61f5f3d7c801db59f94b5210719dfdcb main_color avia-section-default avia-no-border-styling  avia-builder-el-0  el_before_av_section  avia-builder-el-first  avia-full-stretch avia-bg-style-scroll av-section-color-overlay-active av-minimum-height av-minimum-height-custom av-height-custom  container_wrap fullsize'  data-section-bg-repeat='stretch' data-av_minimum_height_px='420'><div class=\"av-section-color-overlay-wrap\"><div class=\"av-section-color-overlay\"><\/div><div class='container av-section-cont-open' style='height:420px'><main  role=\"main\" itemprop=\"mainContentOfPage\"  class='template-page content  av-content-full alpha units'><div class='post-entry post-entry-type-page post-entry-2227'><div class='entry-content-wrapper clearfix'>\n<section  class='av_textblock_section av-m5iyb-f39cc73f9de1b7af468d3918673e4139 '   itemscope=\"itemscope\" itemtype=\"https:\/\/schema.org\/CreativeWork\" ><div class='avia_textblock breadcrumb-title'  itemprop=\"text\" ><p style=\"text-align: center;\"><span class=\"breadcrumb-page-title\">Visitas Educa<\/span><\/p>\n<\/div><\/section>\n\n<\/div><\/div><\/main><!-- close content main element --><\/div><\/div><\/div>\n<style type=\"text\/css\" data-created_by=\"avia_inline_auto\" id=\"style-css-av-nh023-834b044ceec05829d7be5ab6233a0946\">\n.avia-section.av-nh023-834b044ceec05829d7be5ab6233a0946{\nbackground-color:#f5f5f5;\nbackground-image:unset;\n}\n<\/style>\n<div id='av_section_2'  class='avia-section av-nh023-834b044ceec05829d7be5ab6233a0946 main_color avia-section-no-padding avia-no-border-styling  avia-builder-el-2  el_after_av_section  el_before_av_one_fifth  breadcrumb-bg avia-bg-style-scroll container_wrap fullsize'  ><div class='container av-section-cont-open' ><div class='template-page content  av-content-full alpha units'><div class='post-entry post-entry-type-page post-entry-2227'><div class='entry-content-wrapper clearfix'>\n\n<\/div><\/div><\/div><!-- close content main div --><\/div><\/div><div id='after_section_2'  class='main_color av_default_container_wrap container_wrap fullsize'  ><div class='container av-section-cont-open' ><div class='template-page content  av-content-full alpha units'><div class='post-entry post-entry-type-page post-entry-2227'><div class='entry-content-wrapper clearfix'>\n<div  class='flex_column av-k937v-23f16c0396a94b94031b013ebb4f1a7c av_one_fifth first flex_column_div  '     ><\/div>\n<div  class='flex_column av-gcz8j-803f56c9d06a5054c20de0427ff7f9e6 av_three_fifth flex_column_div  '     ><p>\n<style type=\"text\/css\" data-created_by=\"avia_inline_auto\" id=\"style-css-av-m52bxn1t-6e020cc582103aad49801569aee1bb8a\">\n#top .av-special-heading.av-m52bxn1t-6e020cc582103aad49801569aee1bb8a{\npadding-bottom:10px;\n}\nbody .av-special-heading.av-m52bxn1t-6e020cc582103aad49801569aee1bb8a .av-special-heading-tag .heading-char{\nfont-size:25px;\n}\n.av-special-heading.av-m52bxn1t-6e020cc582103aad49801569aee1bb8a .av-subheading{\nfont-size:15px;\n}\n<\/style>\n<div  class='av-special-heading av-m52bxn1t-6e020cc582103aad49801569aee1bb8a av-special-heading-h1 blockquote modern-quote modern-centered'><h1 class='av-special-heading-tag '  itemprop=\"headline\"  ><b>tarvitur<\/b> , visitas guiadas y experiencias culturales<\/h1><div class=\"special-heading-border\"><div class=\"special-heading-inner-border\"><\/div><\/div><\/div><br \/>\n\n<style type=\"text\/css\" data-created_by=\"avia_inline_auto\" id=\"style-css-av-7hhoz-5bcc5803df2fdb64ed7b6798264f0484\">\n#top .hr.av-7hhoz-5bcc5803df2fdb64ed7b6798264f0484{\nmargin-top:15px;\nmargin-bottom:30px;\n}\n.hr.av-7hhoz-5bcc5803df2fdb64ed7b6798264f0484 .hr-inner{\nwidth:130px;\n}\n<\/style>\n<div  class='hr av-7hhoz-5bcc5803df2fdb64ed7b6798264f0484 hr-custom  linea-css hr-center hr-icon-no'><span class='hr-inner inner-border-av-border-fat'><span class=\"hr-inner-style\"><\/span><\/span><\/div><br \/>\n<section  class='av_textblock_section av-m2blrgve-698dee64841a60f32163f5de1df4691a '   itemscope=\"itemscope\" itemtype=\"https:\/\/schema.org\/CreativeWork\" ><div class='avia_textblock'  itemprop=\"text\" ><blockquote>\n<p style=\"text-align: center;\">Desde <strong>tarvitur<\/strong> ofrecemos a los Centros Educativos las Visitas Guiadas\/Experiencias Educa a Terres de l&#8217;Ebre y demarcaci\u00f3n de Tarragona con un talante m\u00e1s did\u00e1ctico, es nuestro objetivo hacer despertar emociones entre los estudiantes a la vez que descubren \u00e1mbitos culturales ligados a singulares paisajes, historias y leyendas.<\/p>\n<\/blockquote>\n<\/div><\/section><\/p><\/div><div  class='flex_column av-an4qr-d684e375dee2f7965d91ad39ff769f05 av_one_fifth flex_column_div  '     ><\/div><\/p>\n<div  class='flex_column av-78qvn-c6e8b4feb5076e61ac1c4a542d1a8b3d av_one_full first flex_column_div av-animated-generic pop-up  '     ><div id='av-masonry-1' class='av-masonry av-m3r3vprl-f4af0c7eb4e82bec2a67852cc157cdbf noHover av-fixed-size av-large-gap av-hover-overlay- av-masonry-animation-active av-masonry-col-4 av-caption-always av-caption-style- av-masonry-entries ' data-post_id=\"2227\"><div class=\"av-masonry-container isotope av-js-disabled\"><div class='av-masonry-entry isotope-item av-masonry-item-no-image '><\/div><a href=\"https:\/\/tarvitur.com\/es\/portfolio-item\/miravet-la-orden-del-temple-en-miravet\/\"  id='av-masonry-1-item-2018' data-av-masonry-item='2018' class='av-masonry-entry isotope-item post-2018 portfolio type-portfolio status-publish has-post-thumbnail hentry portfolio_entries-visitas-educa  av-masonry-item-with-image' title=\"Miravet la Orden del Temple en Miravet\"   itemscope=\"itemscope\" itemtype=\"https:\/\/schema.org\/CreativeWork\" ><div class='av-inner-masonry-sizer'><\/div><figure class='av-inner-masonry main_color'><div class=\"av-masonry-outerimage-container\"><div class='av-masonry-image-container' style=\"background-image: url(https:\/\/tarvitur.com\/wp-content\/uploads\/2024\/09\/00-APAISADA-MIRAVET-705x351.jpg);\"  title=\"Miravet la Orden del Temple en Miravet\" ><\/div><\/div><figcaption class='av-inner-masonry-content site-background'><div class='av-inner-masonry-content-pos'><div class='av-inner-masonry-content-pos-content'><div class='avia-arrow'><\/div><h3 class='av-masonry-entry-title entry-title '  itemprop=\"headline\" >Miravet la Orden del Temple en Miravet<\/h3><\/div><\/div><\/figcaption><\/figure><\/a><!--end av-masonry entry--><a href=\"https:\/\/tarvitur.com\/es\/portfolio-item\/batalla-del-ebro\/\"  id='av-masonry-1-item-2220' data-av-masonry-item='2220' class='av-masonry-entry isotope-item post-2220 portfolio type-portfolio status-publish has-post-thumbnail hentry portfolio_entries-visitas-educa  av-masonry-item-with-image' title=\"Batalla del Ebro\"   itemscope=\"itemscope\" itemtype=\"https:\/\/schema.org\/CreativeWork\" ><div class='av-inner-masonry-sizer'><\/div><figure class='av-inner-masonry main_color'><div class=\"av-masonry-outerimage-container\"><div class='av-masonry-image-container' style=\"background-image: url(https:\/\/tarvitur.com\/wp-content\/uploads\/2024\/09\/batalla-de-ebre-2-705x379.jpg);\"  title=\"Batalla del Ebro\" ><\/div><\/div><figcaption class='av-inner-masonry-content site-background'><div class='av-inner-masonry-content-pos'><div class='av-inner-masonry-content-pos-content'><div class='avia-arrow'><\/div><h3 class='av-masonry-entry-title entry-title '  itemprop=\"headline\" >Batalla del Ebro<\/h3><\/div><\/div><\/figcaption><\/figure><\/a><!--end av-masonry entry--><a href=\"https:\/\/tarvitur.com\/es\/portfolio-item\/refugio-antiaereo-de-benissanet\/\"  id='av-masonry-1-item-2416' data-av-masonry-item='2416' class='av-masonry-entry isotope-item post-2416 portfolio type-portfolio status-publish has-post-thumbnail hentry portfolio_entries-visitas-educa  av-masonry-item-with-image' title=\"Refugi Antiaeri de Benissanet\"   itemscope=\"itemscope\" itemtype=\"https:\/\/schema.org\/CreativeWork\" ><div class='av-inner-masonry-sizer'><\/div><figure class='av-inner-masonry main_color'><div class=\"av-masonry-outerimage-container\"><div class='av-masonry-image-container' style=\"background-image: url(https:\/\/tarvitur.com\/wp-content\/uploads\/2024\/11\/benissanet-refugi-04.jpg);\"  title=\"Refugi Antiaeri de Benissanet\" ><\/div><\/div><figcaption class='av-inner-masonry-content site-background'><div class='av-inner-masonry-content-pos'><div class='av-inner-masonry-content-pos-content'><div class='avia-arrow'><\/div><h3 class='av-masonry-entry-title entry-title '  itemprop=\"headline\" >Refugio Antia\u00e9reo de Benissanet<\/h3><\/div><\/div><\/figcaption><\/figure><\/a><!--end av-masonry entry--><a href=\"https:\/\/tarvitur.com\/es\/portfolio-item\/tivissa-tivissi-sex-domiti\/\"  id='av-masonry-1-item-1980' data-av-masonry-item='1980' class='av-masonry-entry isotope-item post-1980 portfolio type-portfolio status-publish has-post-thumbnail hentry portfolio_entries-visitas-educa  av-masonry-item-with-image' title=\"Tivissa, Tivissi Sex Domiti\"   itemscope=\"itemscope\" itemtype=\"https:\/\/schema.org\/CreativeWork\" ><div class='av-inner-masonry-sizer'><\/div><figure class='av-inner-masonry main_color'><div class=\"av-masonry-outerimage-container\"><div class='av-masonry-image-container' style=\"background-image: url(https:\/\/tarvitur.com\/wp-content\/uploads\/2024\/11\/tarvitur-visites-tiv-esglesia-02-397x705.jpg);\"  title=\"Tivissa, Tivissi Sex Domiti\" ><\/div><\/div><figcaption class='av-inner-masonry-content site-background'><div class='av-inner-masonry-content-pos'><div class='av-inner-masonry-content-pos-content'><div class='avia-arrow'><\/div><h3 class='av-masonry-entry-title entry-title '  itemprop=\"headline\" >Tivissa, Tivissi Sex Domiti<\/h3><\/div><\/div><\/figcaption><\/figure><\/a><!--end av-masonry entry--><a href=\"https:\/\/tarvitur.com\/es\/portfolio-item\/horta-de-sant-joan-2\/\"  id='av-masonry-1-item-1984' data-av-masonry-item='1984' class='av-masonry-entry isotope-item post-1984 portfolio type-portfolio status-publish has-post-thumbnail hentry portfolio_entries-visitas-educa  av-masonry-item-with-image' title=\"Horta de Sant Joan\"   itemscope=\"itemscope\" itemtype=\"https:\/\/schema.org\/CreativeWork\" ><div class='av-inner-masonry-sizer'><\/div><figure class='av-inner-masonry main_color'><div class=\"av-masonry-outerimage-container\"><div class='av-masonry-image-container' style=\"background-image: url(https:\/\/tarvitur.com\/wp-content\/uploads\/2024\/11\/HORTA-1-705x470.jpg);\"  title=\"Horta de Sant Joan\" ><\/div><\/div><figcaption class='av-inner-masonry-content site-background'><div class='av-inner-masonry-content-pos'><div class='av-inner-masonry-content-pos-content'><div class='avia-arrow'><\/div><h3 class='av-masonry-entry-title entry-title '  itemprop=\"headline\" >Horta de Sant Joan<\/h3><\/div><\/div><\/figcaption><\/figure><\/a><!--end av-masonry entry--><a href=\"https:\/\/tarvitur.com\/es\/portfolio-item\/el-priorato-de-escaladei-el-silencio-de-la-cartuja-2\/\"  id='av-masonry-1-item-2422' data-av-masonry-item='2422' class='av-masonry-entry isotope-item post-2422 portfolio type-portfolio status-publish has-post-thumbnail hentry portfolio_entries-visitas-educa  av-masonry-item-with-image' title=\"El Priorato de Escaladei, el Silencio de la Cartuja\"   itemscope=\"itemscope\" itemtype=\"https:\/\/schema.org\/CreativeWork\" ><div class='av-inner-masonry-sizer'><\/div><figure class='av-inner-masonry main_color'><div class=\"av-masonry-outerimage-container\"><div class='av-masonry-image-container' style=\"background-image: url(https:\/\/tarvitur.com\/wp-content\/uploads\/2024\/11\/tarvitur-visites-escaladei-portal-1-705x529.jpg);\"  title=\"El Priorato de Escaladei, el Silencio de la Cartuja\" ><\/div><\/div><figcaption class='av-inner-masonry-content site-background'><div class='av-inner-masonry-content-pos'><div class='av-inner-masonry-content-pos-content'><div class='avia-arrow'><\/div><h3 class='av-masonry-entry-title entry-title '  itemprop=\"headline\" >El Priorato de Escaladei, el Silencio de la Cartuja<\/h3><\/div><\/div><\/figcaption><\/figure><\/a><!--end av-masonry entry--><a href=\"https:\/\/tarvitur.com\/es\/portfolio-item\/escornalbou\/\"  id='av-masonry-1-item-2067' data-av-masonry-item='2067' class='av-masonry-entry isotope-item post-2067 portfolio type-portfolio status-publish has-post-thumbnail hentry portfolio_entries-visitas-educa  av-masonry-item-with-image' title=\"Escornalbou\"   itemscope=\"itemscope\" itemtype=\"https:\/\/schema.org\/CreativeWork\" ><div class='av-inner-masonry-sizer'><\/div><figure class='av-inner-masonry main_color'><div class=\"av-masonry-outerimage-container\"><div class='av-masonry-image-container' style=\"background-image: url(https:\/\/tarvitur.com\/wp-content\/uploads\/2024\/11\/tarvitur-visites-escor-claustre-06-529x705.jpg);\"  title=\"Escornalbou\" ><\/div><\/div><figcaption class='av-inner-masonry-content site-background'><div class='av-inner-masonry-content-pos'><div class='av-inner-masonry-content-pos-content'><div class='avia-arrow'><\/div><h3 class='av-masonry-entry-title entry-title '  itemprop=\"headline\" >Escornalbou<\/h3><\/div><\/div><\/figcaption><\/figure><\/a><!--end av-masonry entry--><a href=\"https:\/\/tarvitur.com\/es\/portfolio-item\/montblanc-villa-ducal-de-san-jorge\/\"  id='av-masonry-1-item-1977' data-av-masonry-item='1977' class='av-masonry-entry isotope-item post-1977 portfolio type-portfolio status-publish has-post-thumbnail hentry portfolio_entries-visitas-educa  av-masonry-item-with-image' title=\"Montblanc, Villa Ducal de San Jorge\"   itemscope=\"itemscope\" itemtype=\"https:\/\/schema.org\/CreativeWork\" ><div class='av-inner-masonry-sizer'><\/div><figure class='av-inner-masonry main_color'><div class=\"av-masonry-outerimage-container\"><div class='av-masonry-image-container' style=\"background-image: url(https:\/\/tarvitur.com\/wp-content\/uploads\/2024\/11\/tarvitur-visites-montblanc-s-jordi-2024-05-705x500.jpg);\"  title=\"Montblanc, Villa Ducal de San Jorge\" ><\/div><\/div><figcaption class='av-inner-masonry-content site-background'><div class='av-inner-masonry-content-pos'><div class='av-inner-masonry-content-pos-content'><div class='avia-arrow'><\/div><h3 class='av-masonry-entry-title entry-title '  itemprop=\"headline\" >Montblanc, Villa Ducal de San Jorge<\/h3><\/div><\/div><\/figcaption><\/figure><\/a><!--end av-masonry entry--><a href=\"https:\/\/tarvitur.com\/es\/portfolio-item\/educa-floracion-colores-de-ribera-y-perfume-del-ebro\/\"  id='av-masonry-1-item-1969' data-av-masonry-item='1969' class='av-masonry-entry isotope-item post-1969 portfolio type-portfolio status-publish has-post-thumbnail hentry portfolio_entries-visitas-educa  av-masonry-item-with-image' title=\"Educa &#8211; Floraci\u00f3n, colores de Ribera y perfume del Ebro\"   itemscope=\"itemscope\" itemtype=\"https:\/\/schema.org\/CreativeWork\" ><div class='av-inner-masonry-sizer'><\/div><figure class='av-inner-masonry main_color'><div class=\"av-masonry-outerimage-container\"><div class='av-masonry-image-container' style=\"background-image: url(https:\/\/tarvitur.com\/wp-content\/uploads\/2024\/11\/tarvitur-visites-ben-floracio-2018-20-481x705.jpg);\"  title=\"Educa &#8211; Floraci\u00f3n, colores de Ribera y perfume del Ebro\" ><\/div><\/div><figcaption class='av-inner-masonry-content site-background'><div class='av-inner-masonry-content-pos'><div class='av-inner-masonry-content-pos-content'><div class='avia-arrow'><\/div><h3 class='av-masonry-entry-title entry-title '  itemprop=\"headline\" >Educa &#8211; Floraci\u00f3n, colores de Ribera y perfume del Ebro<\/h3><\/div><\/div><\/figcaption><\/figure><\/a><!--end av-masonry entry--><\/div><\/div><\/div>\n\n<style type=\"text\/css\" data-created_by=\"avia_inline_auto\" id=\"style-css-av-1vwkxn-42c815aa77e082255c8fa946b6380a09\">\n#top .hr.hr-invisible.av-1vwkxn-42c815aa77e082255c8fa946b6380a09{\nheight:50px;\n}\n<\/style>\n<div  class='hr av-1vwkxn-42c815aa77e082255c8fa946b6380a09 hr-invisible'><span class='hr-inner '><span class=\"hr-inner-style\"><\/span><\/span><\/div>\n[av_section min_height='' min_height_pc='25' min_height_px='500px' shadow='no-border-styling' bottom_border='no-border-styling' bottom_border_diagonal_color='#333333' bottom_border_diagonal_direction='' bottom_border_style='' padding='default' custom_margin='0px' custom_margin_sync='true' av-desktop-custom_margin='' av-desktop-custom_margin_sync='true' av-medium-custom_margin='' av-medium-custom_margin_sync='true' av-small-custom_margin='' av-small-custom_margin_sync='true' av-mini-custom_margin='' av-mini-custom_margin_sync='true' svg_div_top='' svg_div_top_color='#333333' svg_div_top_width='100' svg_div_top_height='50' svg_div_top_max_height='none' svg_div_top_opacity='' svg_div_bottom='' svg_div_bottom_color='#333333' svg_div_bottom_width='100' svg_div_bottom_height='50' svg_div_bottom_max_height='none' svg_div_bottom_opacity='' fold_type='' fold_height='' fold_more='Llegir m\u00e9s' fold_less='Read less' fold_text_style='' fold_btn_align='' color='alternate_color' background='bg_color' custom_bg='' background_gradient_direction='vertical' background_gradient_color1='#000000' background_gradient_color2='#ffffff' background_gradient_color3='' src='' attachment='' attachment_size='' src_dynamic='' attach='scroll' position='top left' repeat='no-repeat' video='' video_ratio='16:9' overlay_opacity='0.5' overlay_color='' overlay_pattern='' overlay_custom_pattern='' custom_arrow_bg='' fold_overlay_color='' fold_text_color='' fold_btn_color='theme-color' fold_btn_bg_color='' fold_btn_font_color='' size-btn-text='' av-desktop-font-size-btn-text='' av-medium-font-size-btn-text='' av-small-font-size-btn-text='' av-mini-font-size-btn-text='' fold_timer='' z_index_fold='' css_position_z_index='' av-desktop-css_position_z_index='' av-medium-css_position_z_index='' av-small-css_position_z_index='' av-mini-css_position_z_index='' id='' custom_class='' template_class='' aria_label='' av_element_hidden_in_editor='0' av_uid='av-iwsbj' sc_version='1.0']\r\n\r\n[av_one_fifth first min_height='' vertical_alignment='av-align-top' space='' row_boxshadow='' row_boxshadow_width='10' row_boxshadow_color='' custom_margin='' margin='0px' av-desktop-margin='' av-medium-margin='' av-small-margin='' av-mini-margin='' mobile_breaking='' mobile_column_order='' border='' border_style='solid' border_color='' radius='' min_col_height='' padding='' av-desktop-padding='' av-medium-padding='' av-small-padding='' av-mini-padding='' svg_div_top='' svg_div_top_color='#333333' svg_div_top_width='100' svg_div_top_height='50' svg_div_top_max_height='none' svg_div_top_flip='' svg_div_top_invert='' svg_div_top_front='' svg_div_top_opacity='' svg_div_top_preview='' svg_div_bottom='' svg_div_bottom_color='#333333' svg_div_bottom_width='100' svg_div_bottom_height='50' svg_div_bottom_max_height='none' svg_div_bottom_flip='' svg_div_bottom_invert='' svg_div_bottom_front='' svg_div_bottom_opacity='' svg_div_bottom_preview='' fold_type='' fold_height='' fold_more='Llegir m\u00e9s' fold_less='Read less' fold_text_style='' fold_btn_align='' column_boxshadow='' column_boxshadow_width='10' column_boxshadow_color='' background='bg_color' background_color='' background_gradient_direction='vertical' background_gradient_color1='#000000' background_gradient_color2='#ffffff' background_gradient_color3='' src='' src_dynamic='' background_position='top left' background_repeat='no-repeat' highlight='' highlight_size='' fold_overlay_color='' fold_text_color='' fold_btn_color='theme-color' fold_btn_bg_color='' fold_btn_font_color='' size-btn-text='' av-desktop-font-size-btn-text='' av-medium-font-size-btn-text='' av-small-font-size-btn-text='' av-mini-font-size-btn-text='' animation='' animation_duration='' animation_custom_bg_color='' animation_z_index_curtain='100' parallax_parallax='' parallax_parallax_speed='' av-desktop-parallax_parallax='' av-desktop-parallax_parallax_speed='' av-medium-parallax_parallax='' av-medium-parallax_parallax_speed='' av-small-parallax_parallax='' av-small-parallax_parallax_speed='' av-mini-parallax_parallax='' av-mini-parallax_parallax_speed='' fold_timer='' z_index_fold='' css_position='' css_position_location='' css_position_z_index='' av-desktop-css_position='' av-desktop-css_position_location='' av-desktop-css_position_z_index='' av-medium-css_position='' av-medium-css_position_location='' av-medium-css_position_z_index='' av-small-css_position='' av-small-css_position_location='' av-small-css_position_z_index='' av-mini-css_position='' av-mini-css_position_location='' av-mini-css_position_z_index='' link='' link_dynamic='' linktarget='' link_hover='' title_attr='' alt_attr='' mobile_display='' mobile_col_pos='0' id='' custom_class='' template_class='' aria_label='' av_uid='av-gglxr' sc_version='1.0']\r\n\r\n[\/av_one_fifth][av_three_fifth min_height='' vertical_alignment='av-align-top' space='' row_boxshadow_width='10' row_boxshadow_color='' margin='0px' margin_sync='true' av-desktop-margin='' av-desktop-margin_sync='true' av-medium-margin='' av-medium-margin_sync='true' av-small-margin='' av-small-margin_sync='true' av-mini-margin='' av-mini-margin_sync='true' mobile_breaking='' mobile_column_order='' border='' border_style='solid' border_color='' radius='' radius_sync='true' min_col_height='' padding='' padding_sync='true' av-desktop-padding='' av-desktop-padding_sync='true' av-medium-padding='' av-medium-padding_sync='true' av-small-padding='' av-small-padding_sync='true' av-mini-padding='' av-mini-padding_sync='true' svg_div_top='' svg_div_top_color='#333333' svg_div_top_width='100' svg_div_top_height='50' svg_div_top_max_height='none' svg_div_top_opacity='' svg_div_bottom='' svg_div_bottom_color='#333333' svg_div_bottom_width='100' svg_div_bottom_height='50' svg_div_bottom_max_height='none' svg_div_bottom_opacity='' fold_type='' fold_height='' fold_more='Llegir m\u00e9s' fold_less='Read less' fold_text_style='' fold_btn_align='' column_boxshadow_width='10' column_boxshadow_color='' background='bg_color' background_color='' background_gradient_direction='vertical' background_gradient_color1='#000000' background_gradient_color2='#ffffff' background_gradient_color3='' src='' attachment='' attachment_size='' src_dynamic='' background_position='top left' background_repeat='no-repeat' highlight_size='1.1' fold_overlay_color='' fold_text_color='' fold_btn_color='theme-color' fold_btn_bg_color='' fold_btn_font_color='' size-btn-text='' av-desktop-font-size-btn-text='' av-medium-font-size-btn-text='' av-small-font-size-btn-text='' av-mini-font-size-btn-text='' animation='pop-up' animation_duration='' animation_custom_bg_color='' animation_z_index_curtain='100' parallax_parallax='' parallax_parallax_speed='' av-desktop-parallax_parallax='' av-desktop-parallax_parallax_speed='' av-medium-parallax_parallax='' av-medium-parallax_parallax_speed='' av-small-parallax_parallax='' av-small-parallax_parallax_speed='' av-mini-parallax_parallax='' av-mini-parallax_parallax_speed='' fold_timer='' z_index_fold='' css_position='' css_position_location=',,,' css_position_z_index='' av-desktop-css_position='' av-desktop-css_position_location=',,,' av-desktop-css_position_z_index='' av-medium-css_position='' av-medium-css_position_location=',,,' av-medium-css_position_z_index='' av-small-css_position='' av-small-css_position_location=',,,' av-small-css_position_z_index='' av-mini-css_position='' av-mini-css_position_location=',,,' av-mini-css_position_z_index='' link='' link_dynamic='' linktarget='' link_hover='' title_attr='' alt_attr='' mobile_display='' mobile_col_pos='0' id='' custom_class='cta' template_class='' aria_label='' av_uid='av-dfzfz' sc_version='1.0']\r\n\r\n[av_textblock fold_type='' fold_height='' fold_more='Llegir m\u00e9s' fold_less='Read less' fold_text_style='' fold_btn_align='' textblock_styling_align='' textblock_styling='' textblock_styling_gap='' textblock_styling_mobile='' size='38' av-desktop-font-size='' av-medium-font-size='' av-small-font-size='' av-mini-font-size='' font_color='' color='' fold_overlay_color='' fold_text_color='' fold_btn_color='theme-color' fold_btn_bg_color='' fold_btn_font_color='' size-btn-text='' av-desktop-font-size-btn-text='' av-medium-font-size-btn-text='' av-small-font-size-btn-text='' av-mini-font-size-btn-text='' fold_timer='' z_index_fold='' id='' custom_class='span-titol-cta' template_class='' av_uid='av-m8ikn45q' sc_version='1.0' admin_preview_bg='']\r\n<p style=\"text-align: center;\">Vive emociones con Experiencias\r\n<b style=\"color: black;\">tarvitur<\/b><\/p>\r\n[\/av_textblock]\r\n\r\n[av_hr class='invisible' icon_select='yes' icon='ue808' font='entypo-fontello' position='center' shadow='no-shadow' height='20' custom_border='av-border-thin' custom_width='50px' custom_margin_top='30px' custom_margin_bottom='30px' custom_border_color='' custom_icon_color='' id='' custom_class='' template_class='' av_uid='av-butkn' sc_version='1.0' admin_preview_bg='']\r\n\r\n[av_textblock fold_type='' fold_height='' fold_more='Llegir m\u00e9s' fold_less='Read less' fold_text_style='' fold_btn_align='' textblock_styling_align='' textblock_styling='' textblock_styling_gap='' textblock_styling_mobile='' size='' av-desktop-font-size='' av-medium-font-size='' av-small-font-size='' av-mini-font-size='' font_color='' color='' fold_overlay_color='' fold_text_color='' fold_btn_color='theme-color' fold_btn_bg_color='' fold_btn_font_color='' size-btn-text='' av-desktop-font-size-btn-text='' av-medium-font-size-btn-text='' av-small-font-size-btn-text='' av-mini-font-size-btn-text='' fold_timer='' z_index_fold='' id='' custom_class='text-cta' template_class='' av_uid='av-m1gcmupw' sc_version='1.0' admin_preview_bg='']\r\n<p style=\"text-align: center;\">Consulta disponibilidad y reserva tu visita guiada\/experiencia con Vicens, apasionado de los tiempos y de sus espacios, gu\u00eda oficial de Turisme de Catalunya.<\/p>\r\n<p style=\"text-align: center;\">Contacta con nosotros a trav\u00e9s de <strong><a href=\"mailto:tarvitur@gmail.com\" rel=\"noopener\">tarvitur@gmail.com<\/a><\/strong> o llama al <a href=\"https:\/\/wa.me\/+34691561868\"><strong>+34<\/strong> <strong>691 56 18 68<\/strong><\/a> .<\/p>\r\n\r\n<div class=\"gmail_default\" style=\"text-align: center;\">\u00a1Experiencias \u00fanicas te est\u00e1n esperando!<\/div>\r\n[\/av_textblock]\r\n\r\n[\/av_three_fifth][av_one_fifth min_height='' vertical_alignment='av-align-top' space='' row_boxshadow='' row_boxshadow_width='10' row_boxshadow_color='' custom_margin='' margin='0px' av-desktop-margin='' av-medium-margin='' av-small-margin='' av-mini-margin='' mobile_breaking='' mobile_column_order='' border='' border_style='solid' border_color='' radius='' min_col_height='' padding='' av-desktop-padding='' av-medium-padding='' av-small-padding='' av-mini-padding='' svg_div_top='' svg_div_top_color='#333333' svg_div_top_width='100' svg_div_top_height='50' svg_div_top_max_height='none' svg_div_top_flip='' svg_div_top_invert='' svg_div_top_front='' svg_div_top_opacity='' svg_div_top_preview='' svg_div_bottom='' svg_div_bottom_color='#333333' svg_div_bottom_width='100' svg_div_bottom_height='50' svg_div_bottom_max_height='none' svg_div_bottom_flip='' svg_div_bottom_invert='' svg_div_bottom_front='' svg_div_bottom_opacity='' svg_div_bottom_preview='' fold_type='' fold_height='' fold_more='Llegir m\u00e9s' fold_less='Read less' fold_text_style='' fold_btn_align='' column_boxshadow='' column_boxshadow_width='10' column_boxshadow_color='' background='bg_color' background_color='' background_gradient_direction='vertical' background_gradient_color1='#000000' background_gradient_color2='#ffffff' background_gradient_color3='' src='' src_dynamic='' background_position='top left' background_repeat='no-repeat' highlight='' highlight_size='' fold_overlay_color='' fold_text_color='' fold_btn_color='theme-color' fold_btn_bg_color='' fold_btn_font_color='' size-btn-text='' av-desktop-font-size-btn-text='' av-medium-font-size-btn-text='' av-small-font-size-btn-text='' av-mini-font-size-btn-text='' animation='' animation_duration='' animation_custom_bg_color='' animation_z_index_curtain='100' parallax_parallax='' parallax_parallax_speed='' av-desktop-parallax_parallax='' av-desktop-parallax_parallax_speed='' av-medium-parallax_parallax='' av-medium-parallax_parallax_speed='' av-small-parallax_parallax='' av-small-parallax_parallax_speed='' av-mini-parallax_parallax='' av-mini-parallax_parallax_speed='' fold_timer='' z_index_fold='' css_position='' css_position_location='' css_position_z_index='' av-desktop-css_position='' av-desktop-css_position_location='' av-desktop-css_position_z_index='' av-medium-css_position='' av-medium-css_position_location='' av-medium-css_position_z_index='' av-small-css_position='' av-small-css_position_location='' av-small-css_position_z_index='' av-mini-css_position='' av-mini-css_position_location='' av-mini-css_position_z_index='' link='' link_dynamic='' linktarget='' link_hover='' title_attr='' alt_attr='' mobile_display='' mobile_col_pos='0' id='' custom_class='' template_class='' aria_label='' av_uid='av-11byv' sc_version='1.0']\r\n\r\n[\/av_one_fifth][\/av_section]\n","protected":false},"excerpt":{"rendered":"","protected":false},"author":3,"featured_media":0,"parent":0,"menu_order":0,"comment_status":"closed","ping_status":"closed","template":"","meta":{"footnotes":""},"class_list":["post-2227","page","type-page","status-publish","hentry"],"yoast_head":"<!-- This site is optimized with the Yoast SEO plugin v27.5 - https:\/\/yoast.com\/product\/yoast-seo-wordpress\/ -->\n<title>Visitas educativas Terres del Ebre<\/title>\n<meta name=\"description\" content=\"Actividades educativas para escuelas y grupos en las Terres del Ebre. Conoce patrimonio e historia\" \/>\n<meta name=\"robots\" content=\"index, follow, max-snippet:-1, max-image-preview:large, max-video-preview:-1\" \/>\n<link rel=\"canonical\" href=\"https:\/\/tarvitur.com\/es\/visitas-educa\/\" \/>\n<meta property=\"og:locale\" content=\"es_ES\" \/>\n<meta property=\"og:type\" content=\"article\" \/>\n<meta property=\"og:title\" content=\"Visitas educativas Terres del Ebre\" \/>\n<meta property=\"og:description\" content=\"Actividades educativas para escuelas y grupos en las Terres del Ebre. Conoce patrimonio e historia\" \/>\n<meta property=\"og:url\" content=\"https:\/\/tarvitur.com\/es\/visitas-educa\/\" \/>\n<meta property=\"og:site_name\" content=\"Tarvitur Visites Guiades\" \/>\n<meta property=\"article:modified_time\" content=\"2024-12-24T10:35:18+00:00\" \/>\n<meta name=\"twitter:card\" content=\"summary_large_image\" \/>\n<meta name=\"twitter:label1\" content=\"Tiempo de lectura\" \/>\n\t<meta name=\"twitter:data1\" content=\"4 minutos\" \/>\n<script type=\"application\/ld+json\" class=\"yoast-schema-graph\">{\"@context\":\"https:\\\/\\\/schema.org\",\"@graph\":[{\"@type\":\"WebPage\",\"@id\":\"https:\\\/\\\/tarvitur.com\\\/es\\\/visitas-educa\\\/\",\"url\":\"https:\\\/\\\/tarvitur.com\\\/es\\\/visitas-educa\\\/\",\"name\":\"Visitas educativas Terres del Ebre\",\"isPartOf\":{\"@id\":\"https:\\\/\\\/tarvitur.com\\\/es\\\/#website\"},\"datePublished\":\"2024-12-24T09:00:34+00:00\",\"dateModified\":\"2024-12-24T10:35:18+00:00\",\"description\":\"Actividades educativas para escuelas y grupos en las Terres del Ebre. Conoce patrimonio e historia\",\"breadcrumb\":{\"@id\":\"https:\\\/\\\/tarvitur.com\\\/es\\\/visitas-educa\\\/#breadcrumb\"},\"inLanguage\":\"es\",\"potentialAction\":[{\"@type\":\"ReadAction\",\"target\":[\"https:\\\/\\\/tarvitur.com\\\/es\\\/visitas-educa\\\/\"]}]},{\"@type\":\"BreadcrumbList\",\"@id\":\"https:\\\/\\\/tarvitur.com\\\/es\\\/visitas-educa\\\/#breadcrumb\",\"itemListElement\":[{\"@type\":\"ListItem\",\"position\":1,\"name\":\"Inici\",\"item\":\"https:\\\/\\\/tarvitur.com\\\/es\\\/inicio\\\/\"},{\"@type\":\"ListItem\",\"position\":2,\"name\":\"Visitas Educa\"}]},{\"@type\":\"WebSite\",\"@id\":\"https:\\\/\\\/tarvitur.com\\\/es\\\/#website\",\"url\":\"https:\\\/\\\/tarvitur.com\\\/es\\\/\",\"name\":\"Tarvitur Visites Guiades\",\"description\":\"Visites guiades a l&#039;Ebre\",\"potentialAction\":[{\"@type\":\"SearchAction\",\"target\":{\"@type\":\"EntryPoint\",\"urlTemplate\":\"https:\\\/\\\/tarvitur.com\\\/es\\\/?s={search_term_string}\"},\"query-input\":{\"@type\":\"PropertyValueSpecification\",\"valueRequired\":true,\"valueName\":\"search_term_string\"}}],\"inLanguage\":\"es\"}]}<\/script>\n<!-- \/ Yoast SEO plugin. -->","yoast_head_json":{"title":"Visitas educativas Terres del Ebre","description":"Actividades educativas para escuelas y grupos en las Terres del Ebre. Conoce patrimonio e historia","robots":{"index":"index","follow":"follow","max-snippet":"max-snippet:-1","max-image-preview":"max-image-preview:large","max-video-preview":"max-video-preview:-1"},"canonical":"https:\/\/tarvitur.com\/es\/visitas-educa\/","og_locale":"es_ES","og_type":"article","og_title":"Visitas educativas Terres del Ebre","og_description":"Actividades educativas para escuelas y grupos en las Terres del Ebre. Conoce patrimonio e historia","og_url":"https:\/\/tarvitur.com\/es\/visitas-educa\/","og_site_name":"Tarvitur Visites Guiades","article_modified_time":"2024-12-24T10:35:18+00:00","twitter_card":"summary_large_image","twitter_misc":{"Tiempo de lectura":"4 minutos"},"schema":{"@context":"https:\/\/schema.org","@graph":[{"@type":"WebPage","@id":"https:\/\/tarvitur.com\/es\/visitas-educa\/","url":"https:\/\/tarvitur.com\/es\/visitas-educa\/","name":"Visitas educativas Terres del Ebre","isPartOf":{"@id":"https:\/\/tarvitur.com\/es\/#website"},"datePublished":"2024-12-24T09:00:34+00:00","dateModified":"2024-12-24T10:35:18+00:00","description":"Actividades educativas para escuelas y grupos en las Terres del Ebre. Conoce patrimonio e historia","breadcrumb":{"@id":"https:\/\/tarvitur.com\/es\/visitas-educa\/#breadcrumb"},"inLanguage":"es","potentialAction":[{"@type":"ReadAction","target":["https:\/\/tarvitur.com\/es\/visitas-educa\/"]}]},{"@type":"BreadcrumbList","@id":"https:\/\/tarvitur.com\/es\/visitas-educa\/#breadcrumb","itemListElement":[{"@type":"ListItem","position":1,"name":"Inici","item":"https:\/\/tarvitur.com\/es\/inicio\/"},{"@type":"ListItem","position":2,"name":"Visitas Educa"}]},{"@type":"WebSite","@id":"https:\/\/tarvitur.com\/es\/#website","url":"https:\/\/tarvitur.com\/es\/","name":"Tarvitur Visites Guiades","description":"Visites guiades a l&#039;Ebre","potentialAction":[{"@type":"SearchAction","target":{"@type":"EntryPoint","urlTemplate":"https:\/\/tarvitur.com\/es\/?s={search_term_string}"},"query-input":{"@type":"PropertyValueSpecification","valueRequired":true,"valueName":"search_term_string"}}],"inLanguage":"es"}]}},"_links":{"self":[{"href":"https:\/\/tarvitur.com\/es\/wp-json\/wp\/v2\/pages\/2227","targetHints":{"allow":["GET"]}}],"collection":[{"href":"https:\/\/tarvitur.com\/es\/wp-json\/wp\/v2\/pages"}],"about":[{"href":"https:\/\/tarvitur.com\/es\/wp-json\/wp\/v2\/types\/page"}],"author":[{"embeddable":true,"href":"https:\/\/tarvitur.com\/es\/wp-json\/wp\/v2\/users\/3"}],"replies":[{"embeddable":true,"href":"https:\/\/tarvitur.com\/es\/wp-json\/wp\/v2\/comments?post=2227"}],"version-history":[{"count":2,"href":"https:\/\/tarvitur.com\/es\/wp-json\/wp\/v2\/pages\/2227\/revisions"}],"predecessor-version":[{"id":2569,"href":"https:\/\/tarvitur.com\/es\/wp-json\/wp\/v2\/pages\/2227\/revisions\/2569"}],"wp:attachment":[{"href":"https:\/\/tarvitur.com\/es\/wp-json\/wp\/v2\/media?parent=2227"}],"curies":[{"name":"wp","href":"https:\/\/api.w.org\/{rel}","templated":true}]}}