{"id":1969,"date":"2024-12-24T09:56:46","date_gmt":"2024-12-24T08:56:46","guid":{"rendered":"https:\/\/tarvitur.com\/portfolio-item\/educa-floracion-colores-de-ribera-y-perfume-del-ebro\/"},"modified":"2024-12-24T13:08:24","modified_gmt":"2024-12-24T12:08:24","slug":"educa-floracion-colores-de-ribera-y-perfume-del-ebro","status":"publish","type":"portfolio","link":"https:\/\/tarvitur.com\/es\/portfolio-item\/educa-floracion-colores-de-ribera-y-perfume-del-ebro\/","title":{"rendered":"Educa &#8211; Floraci\u00f3n, colores de Ribera y perfume del Ebro"},"content":{"rendered":"\n<style type=\"text\/css\" data-created_by=\"avia_inline_auto\" id=\"style-css-av-m1926kbi-da615aa5f976f4f299dd33fad01fe9a3\">\n.avia-section.av-m1926kbi-da615aa5f976f4f299dd33fad01fe9a3{\nbackground-repeat:no-repeat;\nbackground-image:url(https:\/\/tarvitur.com\/wp-content\/uploads\/2024\/11\/tarvitur-visites-flor-2020-masos-17-scaled.jpg);\nbackground-position:50% 50%;\nbackground-attachment:scroll;\n}\n.avia-section.av-m1926kbi-da615aa5f976f4f299dd33fad01fe9a3 .av-section-color-overlay{\nopacity:0.5;\nbackground-color:#0a0a0a;\n}\n<\/style>\n<div id='av_section_1'  class='avia-section av-m1926kbi-da615aa5f976f4f299dd33fad01fe9a3 main_color avia-section-default avia-no-border-styling  avia-builder-el-0  el_before_av_section  avia-builder-el-first  avia-full-stretch avia-bg-style-scroll av-section-color-overlay-active av-minimum-height av-minimum-height-custom av-height-custom  container_wrap fullsize'  data-section-bg-repeat='stretch' data-av_minimum_height_px='420'><div class=\"av-section-color-overlay-wrap\"><div class=\"av-section-color-overlay\"><\/div><div class='container av-section-cont-open' style='height:420px'><main  role=\"main\" itemprop=\"mainContentOfPage\"  class='template-page content  av-content-full alpha units'><div class='post-entry post-entry-type-page post-entry-1969'><div class='entry-content-wrapper clearfix'>\n<section  class='av_textblock_section av-m192li9g-69ea279b18e7e5325b99c4b3b69d0452 '   itemscope=\"itemscope\" itemtype=\"https:\/\/schema.org\/CreativeWork\" ><div class='avia_textblock breadcrumb-title'  itemprop=\"text\" ><p style=\"text-align: center;\"><span class=\"breadcrumb-page-title\">Educa &#8211; Floraci\u00f3n, colores de Ribera y perfume del Ebro<\/span><\/p>\n<\/div><\/section>\n\n<\/div><\/div><\/main><!-- close content main element --><\/div><\/div><\/div>\n<style type=\"text\/css\" data-created_by=\"avia_inline_auto\" id=\"style-css-av-kktzn-684831f81a74ccd18f204702a3aebdfa\">\n.avia-section.av-kktzn-684831f81a74ccd18f204702a3aebdfa{\nbackground-color:#f5f5f5;\nbackground-image:unset;\n}\n<\/style>\n<div id='av_section_2'  class='avia-section av-kktzn-684831f81a74ccd18f204702a3aebdfa main_color avia-section-no-padding avia-no-border-styling  avia-builder-el-2  el_after_av_section  el_before_av_one_fifth  breadcrumb-bg avia-bg-style-scroll container_wrap fullsize'  ><div class='container av-section-cont-open' ><div class='template-page content  av-content-full alpha units'><div class='post-entry post-entry-type-page post-entry-1969'><div class='entry-content-wrapper clearfix'>\n\n<\/div><\/div><\/div><!-- close content main div --><\/div><\/div><div id='after_section_2'  class='main_color av_default_container_wrap container_wrap fullsize'  ><div class='container av-section-cont-open' ><div class='template-page content  av-content-full alpha units'><div class='post-entry post-entry-type-page post-entry-1969'><div class='entry-content-wrapper clearfix'>\n<div  class='flex_column av-26hur-d048faa8818dc4d4f2cfdd7b28470516 av_one_fifth first flex_column_div  '     ><\/div>\n<div  class='flex_column av-g23yr-90523950961baa7ef76bdd17f09b5e7d av_three_fifth flex_column_div av-animated-generic pop-up  '     ><p>\n<style type=\"text\/css\" data-created_by=\"avia_inline_auto\" id=\"style-css-av-m1es0kcj-4232678103895f7bf90b3359b2feb81f\">\n#top .av-special-heading.av-m1es0kcj-4232678103895f7bf90b3359b2feb81f{\npadding-bottom:10px;\n}\nbody .av-special-heading.av-m1es0kcj-4232678103895f7bf90b3359b2feb81f .av-special-heading-tag .heading-char{\nfont-size:25px;\n}\n.av-special-heading.av-m1es0kcj-4232678103895f7bf90b3359b2feb81f .av-subheading{\nfont-size:15px;\n}\n<\/style>\n<div  class='av-special-heading av-m1es0kcj-4232678103895f7bf90b3359b2feb81f av-special-heading-h1 blockquote modern-quote modern-centered'><h1 class='av-special-heading-tag '  itemprop=\"headline\"  >Floraci\u00f3n, colores de Ribera y perfume del Ebro<\/h1><div class=\"special-heading-border\"><div class=\"special-heading-inner-border\"><\/div><\/div><\/div><br \/>\n<section  class='av_textblock_section av-m1g4mbn2-d9bb7efd21b6dbd8b91271c405c4d4e5 '   itemscope=\"itemscope\" itemtype=\"https:\/\/schema.org\/CreativeWork\" ><div class='avia_textblock'  itemprop=\"text\" ><blockquote>\n<p style=\"text-align: center;\">Visita\/Experiencia vinculada al ciclo anual de la Naturaleza, a la floraci\u00f3n de los \u00e1rboles frutales de hueso siguiendo caminos de pay\u00e9s (se ofrece durante el mes de marzo). Se despide febrero anunciando el renacimiento&#8230; los frutales en flor&#8230;<\/p>\n<\/blockquote>\n<\/div><\/section><br \/>\n\n<style type=\"text\/css\" data-created_by=\"avia_inline_auto\" id=\"style-css-av-7qrqb-ec2b17c37cfe3c6cb3ba1348d85d082b\">\n#top .hr.av-7qrqb-ec2b17c37cfe3c6cb3ba1348d85d082b{\nmargin-top:-10px;\nmargin-bottom:-10px;\n}\n.hr.av-7qrqb-ec2b17c37cfe3c6cb3ba1348d85d082b .hr-inner{\nwidth:130px;\n}\n<\/style>\n<div  class='hr av-7qrqb-ec2b17c37cfe3c6cb3ba1348d85d082b hr-custom  linea-css hr-center hr-icon-no'><span class='hr-inner inner-border-av-border-fat'><span class=\"hr-inner-style\"><\/span><\/span><\/div><\/p><\/div><div  class='flex_column av-12e6j-8282894c089eeb7319b64dc23109bbd3 av_one_fifth flex_column_div  '     ><\/div><\/p>\n\n<style type=\"text\/css\" data-created_by=\"avia_inline_auto\" id=\"style-css-av-m3mrvn06-c97356a481f1399b4c9785b154718821\">\n#top .hr.hr-invisible.av-m3mrvn06-c97356a481f1399b4c9785b154718821{\nheight:50px;\n}\n<\/style>\n<div  class='hr av-m3mrvn06-c97356a481f1399b4c9785b154718821 hr-invisible'><span class='hr-inner '><span class=\"hr-inner-style\"><\/span><\/span><\/div>\n<div  class='flex_column av-gzhbm-fad1423b29bc44e6087e4fabce71b9a2 av_one_half first flex_column_div av-animated-generic pop-up  '     ><section  class='av_textblock_section av-m3mrqgxr-a363c8db3079852b501eaf4b29e4c55d '   itemscope=\"itemscope\" itemtype=\"https:\/\/schema.org\/CreativeWork\" ><div class='avia_textblock'  itemprop=\"text\" ><h3>Tarvitur Floraci\u00f3n\/Educa<\/h3>\n<ul>\n<li>Ciclo anual de la Naturaleza.<\/li>\n<li>Tiempo y estaciones.<\/li>\n<li>Clima y territorio.<\/li>\n<li>Los frutos y el trabajo del campo.<\/li>\n<\/ul>\n<h3>Experiencia<\/h3>\n<p>La visita a la Floraci\u00f3n, colores de Ribera y perfume del Ebro, incluye:<\/p>\n<ul>\n<li>Visita Guiada y ruta Floraci\u00f3n, la flor espectacular en M\u00f3ra la Nova.<\/li>\n<\/ul>\n<\/div><\/section><\/div>\n<div  class='flex_column av-2ifkbj-df07394147a807caeb064763e668bce7 av_one_half flex_column_div av-animated-generic pop-up  '     ><style type=\"text\/css\" data-created_by=\"avia_inline_auto\" id=\"style-css-av-m3pthvx3-d936ab94721ac1a601c5ed4564c97824\">\n.avia-image-container.av-m3pthvx3-d936ab94721ac1a601c5ed4564c97824 img.avia_image{\nbox-shadow:none;\n}\n.avia-image-container.av-m3pthvx3-d936ab94721ac1a601c5ed4564c97824 .av-image-caption-overlay-center{\ncolor:#ffffff;\n}\n<\/style>\n<div  class='avia-image-container av-m3pthvx3-d936ab94721ac1a601c5ed4564c97824 av-styling- avia-align-center'   itemprop=\"image\" itemscope=\"itemscope\" itemtype=\"https:\/\/schema.org\/ImageObject\" ><div class=\"avia-image-container-inner\"><div class=\"avia-image-overlay-wrap\"><img decoding=\"async\" fetchpriority=\"high\" class='wp-image-2676 avia-img-lazy-loading-not-2676 avia_image ' src=\"https:\/\/tarvitur.com\/wp-content\/uploads\/2024\/11\/tarvitur-visites-flor-mora-20240302-5-495x400.png\" alt='Tarvitur' title='La Mora de l\u2019Ebre, la noble vila oblidada'  height=\"400\" width=\"495\"  itemprop=\"thumbnailUrl\"  \/><\/div><\/div><\/div><\/div>\n<\/div><\/div><\/div><!-- close content main div --><\/div><\/div>\n<style type=\"text\/css\" data-created_by=\"avia_inline_auto\" id=\"style-css-av-1a9zjn-52f24165d60acd9c47f43f0809c51262\">\n.avia-section.av-1a9zjn-52f24165d60acd9c47f43f0809c51262{\nbackground-color:#ffffff;\nbackground-image:unset;\n}\n<\/style>\n<div id='av_section_3'  class='avia-section av-1a9zjn-52f24165d60acd9c47f43f0809c51262 main_color avia-section-default avia-no-border-styling avia-bg-style-scroll container_wrap fullsize'  ><div class='container av-section-cont-open' ><div class='template-page content  av-content-full alpha units'><div class='post-entry post-entry-type-page post-entry-1969'><div class='entry-content-wrapper clearfix'>\n<div  class='flex_column av-135hqz-eaed9497d72ded2e2d24e378e030fb02 av_one_third first flex_column_div av-animated-generic fade-in  '     ><article  class='iconbox iconbox_left av-dk3zv-7a6e9824f4e205be9eaecdfb2364072b'  itemscope=\"itemscope\" itemtype=\"https:\/\/schema.org\/CreativeWork\" ><div class=\"iconbox_content\"><header class=\"entry-content-header\" aria-label=\"Icon: Tiempo de la visita\"><div class=\"iconbox_icon heading-color\" aria-hidden='true' data-av_icon='\ue862' data-av_iconfont='entypo-fontello'><\/div><h3 class='iconbox_content_title '  itemprop=\"headline\" >Tiempo de la visita<\/h3><\/header><div class='iconbox_content_container '  itemprop=\"text\" ><div>\n<p>1h 30&#8242; Experiencia<\/p>\n<\/div>\n<div><\/div>\n<\/div><\/div><footer class=\"entry-footer\"><\/footer><\/article><\/div><div  class='flex_column av-uomfv-2be19ff28e5c8a9b940835788fe5505b av_one_third  mapa-section flex_column_div av-animated-generic fade-in  '     ><article  class='iconbox iconbox_left av-bg0sr-cc3074738b7001f4ab75349b998ef0d1'  itemscope=\"itemscope\" itemtype=\"https:\/\/schema.org\/CreativeWork\" ><div class=\"iconbox_content\"><header class=\"entry-content-header\" aria-label=\"Icon: Punto de encuentro\"><div class=\"iconbox_icon heading-color\" aria-hidden='true' data-av_icon='\ue842' data-av_iconfont='entypo-fontello'><\/div><h3 class='iconbox_content_title '  itemprop=\"headline\" >Punto de encuentro<\/h3><\/header><div class='iconbox_content_container '  itemprop=\"text\" ><p>Acordado.<\/p>\n<\/div><\/div><footer class=\"entry-footer\"><\/footer><\/article><\/div><div  class='flex_column av-dixk3-f48491b73660ed124b86cf2f478e195e av_one_third flex_column_div av-animated-generic fade-in  '     ><article  class='iconbox iconbox_left av-bmeqj-f7211fc8486496b71a308602d7f89876'  itemscope=\"itemscope\" itemtype=\"https:\/\/schema.org\/CreativeWork\" ><div class=\"iconbox_content\"><header class=\"entry-content-header\" aria-label=\"Icon: Idiomas\"><div class=\"iconbox_icon heading-color\" aria-hidden='true' data-av_icon='\ue83c' data-av_iconfont='entypo-fontello'><\/div><h3 class='iconbox_content_title '  itemprop=\"headline\" >Idiomas<\/h3><\/header><div class='iconbox_content_container '  itemprop=\"text\" ><p>Catal\u00e1n | Castellano<\/p>\n<\/div><\/div><footer class=\"entry-footer\"><\/footer><\/article><\/div>\n\n<div  class='flex_column av-anhsj-4a34a8679ed6d77246ad572660fc3c49 av_one_full first flex_column_div  '     ><div id='av-masonry-1' class='av-masonry av-m1g4dljx-3949dca9d9ee37593ebc64d8427dadb5 noHover av-fixed-size av-large-gap av-hover-overlay-active av-masonry-animation-active av-masonry-col-5 av-caption-always av-caption-style- av-masonry-gallery ' data-post_id=\"1969\"><div class=\"av-masonry-container isotope av-js-disabled\"><div class='av-masonry-entry isotope-item av-masonry-item-no-image '><\/div><a href=\"https:\/\/tarvitur.com\/wp-content\/uploads\/2024\/11\/tarvitur-visites-flor-mora-20240302-5.png\" data-srcset=\"https:\/\/tarvitur.com\/wp-content\/uploads\/2024\/11\/tarvitur-visites-flor-mora-20240302-5.png 938w, https:\/\/tarvitur.com\/wp-content\/uploads\/2024\/11\/tarvitur-visites-flor-mora-20240302-5-300x185.png 300w, https:\/\/tarvitur.com\/wp-content\/uploads\/2024\/11\/tarvitur-visites-flor-mora-20240302-5-768x472.png 768w, https:\/\/tarvitur.com\/wp-content\/uploads\/2024\/11\/tarvitur-visites-flor-mora-20240302-5-705x434.png 705w\" data-sizes=\"(max-width: 938px) 100vw, 938px\"  aria-label=\"image La Mora de l\u2019Ebre, la noble vila oblidada\"  id='av-masonry-1-item-2676' data-av-masonry-item='2676' class='av-masonry-entry isotope-item post-2676 attachment type-attachment status-inherit hentry  av-masonry-item-with-image' title=\"La Mora de l\u2019Ebre, la noble vila oblidada\" alt=\"Tarvitur\"    itemprop=\"thumbnailUrl\" ><div class='av-inner-masonry-sizer'><\/div><figure class='av-inner-masonry main_color'><div class=\"av-masonry-outerimage-container\"><div class='av-masonry-image-container' style=\"background-image: url(https:\/\/tarvitur.com\/wp-content\/uploads\/2024\/11\/tarvitur-visites-flor-mora-20240302-5-705x434.png);\"  title=\"La Mora de l\u2019Ebre, la noble vila oblidada\" ><\/div><\/div><\/figure><\/a><!--end av-masonry entry--><a href=\"https:\/\/tarvitur.com\/wp-content\/uploads\/2024\/11\/tarvitur-visites-flor-2020-masos-02-1030x579.jpg\" data-srcset=\"https:\/\/tarvitur.com\/wp-content\/uploads\/2024\/11\/tarvitur-visites-flor-2020-masos-02-1030x579.jpg 1030w, https:\/\/tarvitur.com\/wp-content\/uploads\/2024\/11\/tarvitur-visites-flor-2020-masos-02-300x169.jpg 300w, https:\/\/tarvitur.com\/wp-content\/uploads\/2024\/11\/tarvitur-visites-flor-2020-masos-02-768x432.jpg 768w, https:\/\/tarvitur.com\/wp-content\/uploads\/2024\/11\/tarvitur-visites-flor-2020-masos-02-1536x864.jpg 1536w, https:\/\/tarvitur.com\/wp-content\/uploads\/2024\/11\/tarvitur-visites-flor-2020-masos-02-2048x1152.jpg 2048w, https:\/\/tarvitur.com\/wp-content\/uploads\/2024\/11\/tarvitur-visites-flor-2020-masos-02-1500x844.jpg 1500w, https:\/\/tarvitur.com\/wp-content\/uploads\/2024\/11\/tarvitur-visites-flor-2020-masos-02-705x397.jpg 705w\" data-sizes=\"(max-width: 1030px) 100vw, 1030px\"  aria-label=\"image Tarvitur\"  id='av-masonry-1-item-2678' data-av-masonry-item='2678' class='av-masonry-entry isotope-item post-2678 attachment type-attachment status-inherit hentry  av-masonry-item-with-image' title=\"Tarvitur\" alt=\"Tarvitur\"    itemprop=\"thumbnailUrl\" ><div class='av-inner-masonry-sizer'><\/div><figure class='av-inner-masonry main_color'><div class=\"av-masonry-outerimage-container\"><div class='av-masonry-image-container' style=\"background-image: url(https:\/\/tarvitur.com\/wp-content\/uploads\/2024\/11\/tarvitur-visites-flor-2020-masos-02-705x397.jpg);\"  title=\"Tarvitur\" ><\/div><\/div><\/figure><\/a><!--end av-masonry entry--><a href=\"https:\/\/tarvitur.com\/wp-content\/uploads\/2024\/11\/tarvitur-visites-flor-mas-20240302-002-1030x633.jpg\" data-srcset=\"https:\/\/tarvitur.com\/wp-content\/uploads\/2024\/11\/tarvitur-visites-flor-mas-20240302-002-1030x633.jpg 1030w, https:\/\/tarvitur.com\/wp-content\/uploads\/2024\/11\/tarvitur-visites-flor-mas-20240302-002-300x184.jpg 300w, https:\/\/tarvitur.com\/wp-content\/uploads\/2024\/11\/tarvitur-visites-flor-mas-20240302-002-768x472.jpg 768w, https:\/\/tarvitur.com\/wp-content\/uploads\/2024\/11\/tarvitur-visites-flor-mas-20240302-002-705x433.jpg 705w, https:\/\/tarvitur.com\/wp-content\/uploads\/2024\/11\/tarvitur-visites-flor-mas-20240302-002.jpg 1217w\" data-sizes=\"(max-width: 1030px) 100vw, 1030px\"  aria-label=\"image La Mora de l\u2019Ebre, la noble vila oblidada\"  id='av-masonry-1-item-2674' data-av-masonry-item='2674' class='av-masonry-entry isotope-item post-2674 attachment type-attachment status-inherit hentry  av-masonry-item-with-image' title=\"La Mora de l\u2019Ebre, la noble vila oblidada\" alt=\"Tarvitur\"    itemprop=\"thumbnailUrl\" ><div class='av-inner-masonry-sizer'><\/div><figure class='av-inner-masonry main_color'><div class=\"av-masonry-outerimage-container\"><div class='av-masonry-image-container' style=\"background-image: url(https:\/\/tarvitur.com\/wp-content\/uploads\/2024\/11\/tarvitur-visites-flor-mas-20240302-002-705x433.jpg);\"  title=\"La Mora de l\u2019Ebre, la noble vila oblidada\" ><\/div><\/div><\/figure><\/a><!--end av-masonry entry--><a href=\"https:\/\/tarvitur.com\/wp-content\/uploads\/2024\/11\/tarvitur-visites-flor-2020-masos-17-1030x459.jpg\" data-srcset=\"https:\/\/tarvitur.com\/wp-content\/uploads\/2024\/11\/tarvitur-visites-flor-2020-masos-17-1030x459.jpg 1030w, https:\/\/tarvitur.com\/wp-content\/uploads\/2024\/11\/tarvitur-visites-flor-2020-masos-17-300x134.jpg 300w, https:\/\/tarvitur.com\/wp-content\/uploads\/2024\/11\/tarvitur-visites-flor-2020-masos-17-768x342.jpg 768w, https:\/\/tarvitur.com\/wp-content\/uploads\/2024\/11\/tarvitur-visites-flor-2020-masos-17-1536x685.jpg 1536w, https:\/\/tarvitur.com\/wp-content\/uploads\/2024\/11\/tarvitur-visites-flor-2020-masos-17-2048x913.jpg 2048w, https:\/\/tarvitur.com\/wp-content\/uploads\/2024\/11\/tarvitur-visites-flor-2020-masos-17-1500x669.jpg 1500w, https:\/\/tarvitur.com\/wp-content\/uploads\/2024\/11\/tarvitur-visites-flor-2020-masos-17-705x314.jpg 705w\" data-sizes=\"(max-width: 1030px) 100vw, 1030px\"  aria-label=\"image Tarvitur\"  id='av-masonry-1-item-2672' data-av-masonry-item='2672' class='av-masonry-entry isotope-item post-2672 attachment type-attachment status-inherit hentry  av-masonry-item-with-image' title=\"Tarvitur\" alt=\"Tarvitur\"    itemprop=\"thumbnailUrl\" ><div class='av-inner-masonry-sizer'><\/div><figure class='av-inner-masonry main_color'><div class=\"av-masonry-outerimage-container\"><div class='av-masonry-image-container' style=\"background-image: url(https:\/\/tarvitur.com\/wp-content\/uploads\/2024\/11\/tarvitur-visites-flor-2020-masos-17-705x314.jpg);\"  title=\"Tarvitur\" ><\/div><\/div><\/figure><\/a><!--end av-masonry entry--><a href=\"https:\/\/tarvitur.com\/wp-content\/uploads\/2024\/11\/tarvitur-visites-flor-2020-masos-09-1030x579.jpg\" data-srcset=\"https:\/\/tarvitur.com\/wp-content\/uploads\/2024\/11\/tarvitur-visites-flor-2020-masos-09-1030x579.jpg 1030w, https:\/\/tarvitur.com\/wp-content\/uploads\/2024\/11\/tarvitur-visites-flor-2020-masos-09-300x169.jpg 300w, https:\/\/tarvitur.com\/wp-content\/uploads\/2024\/11\/tarvitur-visites-flor-2020-masos-09-768x432.jpg 768w, https:\/\/tarvitur.com\/wp-content\/uploads\/2024\/11\/tarvitur-visites-flor-2020-masos-09-705x397.jpg 705w, https:\/\/tarvitur.com\/wp-content\/uploads\/2024\/11\/tarvitur-visites-flor-2020-masos-09.jpg 1280w\" data-sizes=\"(max-width: 1030px) 100vw, 1030px\"  aria-label=\"image La Mora de l\u2019Ebre, la noble vila oblidada\"  id='av-masonry-1-item-2670' data-av-masonry-item='2670' class='av-masonry-entry isotope-item post-2670 attachment type-attachment status-inherit hentry  av-masonry-item-with-image' title=\"La Mora de l\u2019Ebre, la noble vila oblidada\" alt=\"Floraci\u00f3, colors de Ribera i perfum de l\u2019Ebre\"    itemprop=\"thumbnailUrl\" ><div class='av-inner-masonry-sizer'><\/div><figure class='av-inner-masonry main_color'><div class=\"av-masonry-outerimage-container\"><div class='av-masonry-image-container' style=\"background-image: url(https:\/\/tarvitur.com\/wp-content\/uploads\/2024\/11\/tarvitur-visites-flor-2020-masos-09-705x397.jpg);\"  title=\"La Mora de l\u2019Ebre, la noble vila oblidada\" ><\/div><\/div><\/figure><\/a><!--end av-masonry entry--><\/div><\/div><\/div>\n[av_section min_height='' min_height_pc='25' min_height_px='500px' shadow='no-border-styling' bottom_border='no-border-styling' bottom_border_diagonal_color='#333333' bottom_border_diagonal_direction='' bottom_border_style='' padding='default' custom_margin='0px' custom_margin_sync='true' av-desktop-custom_margin='' av-desktop-custom_margin_sync='true' av-medium-custom_margin='' av-medium-custom_margin_sync='true' av-small-custom_margin='' av-small-custom_margin_sync='true' av-mini-custom_margin='' av-mini-custom_margin_sync='true' svg_div_top='' svg_div_top_color='#333333' svg_div_top_width='100' svg_div_top_height='50' svg_div_top_max_height='none' svg_div_top_opacity='' svg_div_bottom='' svg_div_bottom_color='#333333' svg_div_bottom_width='100' svg_div_bottom_height='50' svg_div_bottom_max_height='none' svg_div_bottom_opacity='' fold_type='' fold_height='' fold_more='Llegir m\u00e9s' fold_less='Read less' fold_text_style='' fold_btn_align='' color='alternate_color' background='bg_color' custom_bg='' background_gradient_direction='vertical' background_gradient_color1='#000000' background_gradient_color2='#ffffff' background_gradient_color3='' src='' attachment='' attachment_size='' src_dynamic='' attach='scroll' position='top left' repeat='no-repeat' video='' video_ratio='16:9' overlay_opacity='0.5' overlay_color='' overlay_pattern='' overlay_custom_pattern='' custom_arrow_bg='' fold_overlay_color='' fold_text_color='' fold_btn_color='theme-color' fold_btn_bg_color='' fold_btn_font_color='' size-btn-text='' av-desktop-font-size-btn-text='' av-medium-font-size-btn-text='' av-small-font-size-btn-text='' av-mini-font-size-btn-text='' fold_timer='' z_index_fold='' css_position_z_index='' av-desktop-css_position_z_index='' av-medium-css_position_z_index='' av-small-css_position_z_index='' av-mini-css_position_z_index='' id='' custom_class='' template_class='' aria_label='' av_element_hidden_in_editor='0' av_uid='av-iwsbj' sc_version='1.0']\r\n\r\n[av_one_fifth first min_height='' vertical_alignment='av-align-top' space='' row_boxshadow='' row_boxshadow_width='10' row_boxshadow_color='' custom_margin='' margin='0px' av-desktop-margin='' av-medium-margin='' av-small-margin='' av-mini-margin='' mobile_breaking='' mobile_column_order='' border='' border_style='solid' border_color='' radius='' min_col_height='' padding='' av-desktop-padding='' av-medium-padding='' av-small-padding='' av-mini-padding='' svg_div_top='' svg_div_top_color='#333333' svg_div_top_width='100' svg_div_top_height='50' svg_div_top_max_height='none' svg_div_top_flip='' svg_div_top_invert='' svg_div_top_front='' svg_div_top_opacity='' svg_div_top_preview='' svg_div_bottom='' svg_div_bottom_color='#333333' svg_div_bottom_width='100' svg_div_bottom_height='50' svg_div_bottom_max_height='none' svg_div_bottom_flip='' svg_div_bottom_invert='' svg_div_bottom_front='' svg_div_bottom_opacity='' svg_div_bottom_preview='' fold_type='' fold_height='' fold_more='Llegir m\u00e9s' fold_less='Read less' fold_text_style='' fold_btn_align='' column_boxshadow='' column_boxshadow_width='10' column_boxshadow_color='' background='bg_color' background_color='' background_gradient_direction='vertical' background_gradient_color1='#000000' background_gradient_color2='#ffffff' background_gradient_color3='' src='' src_dynamic='' background_position='top left' background_repeat='no-repeat' highlight='' highlight_size='' fold_overlay_color='' fold_text_color='' fold_btn_color='theme-color' fold_btn_bg_color='' fold_btn_font_color='' size-btn-text='' av-desktop-font-size-btn-text='' av-medium-font-size-btn-text='' av-small-font-size-btn-text='' av-mini-font-size-btn-text='' animation='' animation_duration='' animation_custom_bg_color='' animation_z_index_curtain='100' parallax_parallax='' parallax_parallax_speed='' av-desktop-parallax_parallax='' av-desktop-parallax_parallax_speed='' av-medium-parallax_parallax='' av-medium-parallax_parallax_speed='' av-small-parallax_parallax='' av-small-parallax_parallax_speed='' av-mini-parallax_parallax='' av-mini-parallax_parallax_speed='' fold_timer='' z_index_fold='' css_position='' css_position_location='' css_position_z_index='' av-desktop-css_position='' av-desktop-css_position_location='' av-desktop-css_position_z_index='' av-medium-css_position='' av-medium-css_position_location='' av-medium-css_position_z_index='' av-small-css_position='' av-small-css_position_location='' av-small-css_position_z_index='' av-mini-css_position='' av-mini-css_position_location='' av-mini-css_position_z_index='' link='' link_dynamic='' linktarget='' link_hover='' title_attr='' alt_attr='' mobile_display='' mobile_col_pos='0' id='' custom_class='' template_class='' aria_label='' av_uid='av-gglxr' sc_version='1.0']\r\n\r\n[\/av_one_fifth][av_three_fifth min_height='' vertical_alignment='av-align-top' space='' row_boxshadow_width='10' row_boxshadow_color='' margin='0px' margin_sync='true' av-desktop-margin='' av-desktop-margin_sync='true' av-medium-margin='' av-medium-margin_sync='true' av-small-margin='' av-small-margin_sync='true' av-mini-margin='' av-mini-margin_sync='true' mobile_breaking='' mobile_column_order='' border='' border_style='solid' border_color='' radius='' radius_sync='true' min_col_height='' padding='' padding_sync='true' av-desktop-padding='' av-desktop-padding_sync='true' av-medium-padding='' av-medium-padding_sync='true' av-small-padding='' av-small-padding_sync='true' av-mini-padding='' av-mini-padding_sync='true' svg_div_top='' svg_div_top_color='#333333' svg_div_top_width='100' svg_div_top_height='50' svg_div_top_max_height='none' svg_div_top_opacity='' svg_div_bottom='' svg_div_bottom_color='#333333' svg_div_bottom_width='100' svg_div_bottom_height='50' svg_div_bottom_max_height='none' svg_div_bottom_opacity='' fold_type='' fold_height='' fold_more='Llegir m\u00e9s' fold_less='Read less' fold_text_style='' fold_btn_align='' column_boxshadow_width='10' column_boxshadow_color='' background='bg_color' background_color='' background_gradient_direction='vertical' background_gradient_color1='#000000' background_gradient_color2='#ffffff' background_gradient_color3='' src='' attachment='' attachment_size='' src_dynamic='' background_position='top left' background_repeat='no-repeat' highlight_size='1.1' fold_overlay_color='' fold_text_color='' fold_btn_color='theme-color' fold_btn_bg_color='' fold_btn_font_color='' size-btn-text='' av-desktop-font-size-btn-text='' av-medium-font-size-btn-text='' av-small-font-size-btn-text='' av-mini-font-size-btn-text='' animation='pop-up' animation_duration='' animation_custom_bg_color='' animation_z_index_curtain='100' parallax_parallax='' parallax_parallax_speed='' av-desktop-parallax_parallax='' av-desktop-parallax_parallax_speed='' av-medium-parallax_parallax='' av-medium-parallax_parallax_speed='' av-small-parallax_parallax='' av-small-parallax_parallax_speed='' av-mini-parallax_parallax='' av-mini-parallax_parallax_speed='' fold_timer='' z_index_fold='' css_position='' css_position_location=',,,' css_position_z_index='' av-desktop-css_position='' av-desktop-css_position_location=',,,' av-desktop-css_position_z_index='' av-medium-css_position='' av-medium-css_position_location=',,,' av-medium-css_position_z_index='' av-small-css_position='' av-small-css_position_location=',,,' av-small-css_position_z_index='' av-mini-css_position='' av-mini-css_position_location=',,,' av-mini-css_position_z_index='' link='' link_dynamic='' linktarget='' link_hover='' title_attr='' alt_attr='' mobile_display='' mobile_col_pos='0' id='' custom_class='cta' template_class='' aria_label='' av_uid='av-dfzfz' sc_version='1.0']\r\n\r\n[av_textblock fold_type='' fold_height='' fold_more='Llegir m\u00e9s' fold_less='Read less' fold_text_style='' fold_btn_align='' textblock_styling_align='' textblock_styling='' textblock_styling_gap='' textblock_styling_mobile='' size='38' av-desktop-font-size='' av-medium-font-size='' av-small-font-size='' av-mini-font-size='' font_color='' color='' fold_overlay_color='' fold_text_color='' fold_btn_color='theme-color' fold_btn_bg_color='' fold_btn_font_color='' size-btn-text='' av-desktop-font-size-btn-text='' av-medium-font-size-btn-text='' av-small-font-size-btn-text='' av-mini-font-size-btn-text='' fold_timer='' z_index_fold='' id='' custom_class='span-titol-cta' template_class='' av_uid='av-m8ikn45q' sc_version='1.0' admin_preview_bg='']\r\n<p style=\"text-align: center;\">Vive emociones con Experiencias\r\n<b style=\"color: black;\">tarvitur<\/b><\/p>\r\n[\/av_textblock]\r\n\r\n[av_hr class='invisible' icon_select='yes' icon='ue808' font='entypo-fontello' position='center' shadow='no-shadow' height='20' custom_border='av-border-thin' custom_width='50px' custom_margin_top='30px' custom_margin_bottom='30px' custom_border_color='' custom_icon_color='' id='' custom_class='' template_class='' av_uid='av-butkn' sc_version='1.0' admin_preview_bg='']\r\n\r\n[av_textblock fold_type='' fold_height='' fold_more='Llegir m\u00e9s' fold_less='Read less' fold_text_style='' fold_btn_align='' textblock_styling_align='' textblock_styling='' textblock_styling_gap='' textblock_styling_mobile='' size='' av-desktop-font-size='' av-medium-font-size='' av-small-font-size='' av-mini-font-size='' font_color='' color='' fold_overlay_color='' fold_text_color='' fold_btn_color='theme-color' fold_btn_bg_color='' fold_btn_font_color='' size-btn-text='' av-desktop-font-size-btn-text='' av-medium-font-size-btn-text='' av-small-font-size-btn-text='' av-mini-font-size-btn-text='' fold_timer='' z_index_fold='' id='' custom_class='text-cta' template_class='' av_uid='av-m1gcmupw' sc_version='1.0' admin_preview_bg='']\r\n<p style=\"text-align: center;\">Consulta disponibilidad y reserva tu visita guiada\/experiencia con Vicens, apasionado de los tiempos y de sus espacios, gu\u00eda oficial de Turisme de Catalunya.<\/p>\r\n<p style=\"text-align: center;\">Contacta con nosotros a trav\u00e9s de <strong><a href=\"mailto:tarvitur@gmail.com\" rel=\"noopener\">tarvitur@gmail.com<\/a><\/strong> o llama al <a href=\"https:\/\/wa.me\/+34691561868\"><strong>+34<\/strong> <strong>691 56 18 68<\/strong><\/a> .<\/p>\r\n\r\n<div class=\"gmail_default\" style=\"text-align: center;\">\u00a1Experiencias \u00fanicas te est\u00e1n esperando!<\/div>\r\n[\/av_textblock]\r\n\r\n[\/av_three_fifth][av_one_fifth min_height='' vertical_alignment='av-align-top' space='' row_boxshadow='' row_boxshadow_width='10' row_boxshadow_color='' custom_margin='' margin='0px' av-desktop-margin='' av-medium-margin='' av-small-margin='' av-mini-margin='' mobile_breaking='' mobile_column_order='' border='' border_style='solid' border_color='' radius='' min_col_height='' padding='' av-desktop-padding='' av-medium-padding='' av-small-padding='' av-mini-padding='' svg_div_top='' svg_div_top_color='#333333' svg_div_top_width='100' svg_div_top_height='50' svg_div_top_max_height='none' svg_div_top_flip='' svg_div_top_invert='' svg_div_top_front='' svg_div_top_opacity='' svg_div_top_preview='' svg_div_bottom='' svg_div_bottom_color='#333333' svg_div_bottom_width='100' svg_div_bottom_height='50' svg_div_bottom_max_height='none' svg_div_bottom_flip='' svg_div_bottom_invert='' svg_div_bottom_front='' svg_div_bottom_opacity='' svg_div_bottom_preview='' fold_type='' fold_height='' fold_more='Llegir m\u00e9s' fold_less='Read less' fold_text_style='' fold_btn_align='' column_boxshadow='' column_boxshadow_width='10' column_boxshadow_color='' background='bg_color' background_color='' background_gradient_direction='vertical' background_gradient_color1='#000000' background_gradient_color2='#ffffff' background_gradient_color3='' src='' src_dynamic='' background_position='top left' background_repeat='no-repeat' highlight='' highlight_size='' fold_overlay_color='' fold_text_color='' fold_btn_color='theme-color' fold_btn_bg_color='' fold_btn_font_color='' size-btn-text='' av-desktop-font-size-btn-text='' av-medium-font-size-btn-text='' av-small-font-size-btn-text='' av-mini-font-size-btn-text='' animation='' animation_duration='' animation_custom_bg_color='' animation_z_index_curtain='100' parallax_parallax='' parallax_parallax_speed='' av-desktop-parallax_parallax='' av-desktop-parallax_parallax_speed='' av-medium-parallax_parallax='' av-medium-parallax_parallax_speed='' av-small-parallax_parallax='' av-small-parallax_parallax_speed='' av-mini-parallax_parallax='' av-mini-parallax_parallax_speed='' fold_timer='' z_index_fold='' css_position='' css_position_location='' css_position_z_index='' av-desktop-css_position='' av-desktop-css_position_location='' av-desktop-css_position_z_index='' av-medium-css_position='' av-medium-css_position_location='' av-medium-css_position_z_index='' av-small-css_position='' av-small-css_position_location='' av-small-css_position_z_index='' av-mini-css_position='' av-mini-css_position_location='' av-mini-css_position_z_index='' link='' link_dynamic='' linktarget='' link_hover='' title_attr='' alt_attr='' mobile_display='' mobile_col_pos='0' id='' custom_class='' template_class='' aria_label='' av_uid='av-11byv' sc_version='1.0']\r\n\r\n[\/av_one_fifth][\/av_section]\n","protected":false},"excerpt":{"rendered":"","protected":false},"author":3,"featured_media":1970,"menu_order":100,"comment_status":"closed","ping_status":"closed","template":"","meta":{"footnotes":""},"tags":[],"portfolio_entries":[21],"class_list":["post-1969","portfolio","type-portfolio","status-publish","has-post-thumbnail","hentry","portfolio_entries-visitas-educa"],"yoast_head":"<!-- This site is optimized with the Yoast SEO plugin v27.5 - https:\/\/yoast.com\/product\/yoast-seo-wordpress\/ -->\n<title>Educa: Floraci\u00f3n<\/title>\n<meta name=\"description\" content=\"Colores y Perfume Terres del Ebre\" \/>\n<meta name=\"robots\" content=\"index, follow, max-snippet:-1, max-image-preview:large, max-video-preview:-1\" \/>\n<link rel=\"canonical\" href=\"https:\/\/tarvitur.com\/es\/portfolio-item\/educa-floracion-colores-de-ribera-y-perfume-del-ebro\/\" \/>\n<meta property=\"og:locale\" content=\"es_ES\" \/>\n<meta property=\"og:type\" content=\"article\" \/>\n<meta property=\"og:title\" content=\"Educa: Floraci\u00f3n\" \/>\n<meta property=\"og:description\" content=\"Colores y Perfume Terres del Ebre\" \/>\n<meta property=\"og:url\" content=\"https:\/\/tarvitur.com\/es\/portfolio-item\/educa-floracion-colores-de-ribera-y-perfume-del-ebro\/\" \/>\n<meta property=\"og:site_name\" content=\"Tarvitur Visites Guiades\" \/>\n<meta property=\"article:modified_time\" content=\"2024-12-24T12:08:24+00:00\" \/>\n<meta property=\"og:image\" content=\"https:\/\/tarvitur.com\/wp-content\/uploads\/2024\/11\/tarvitur-visites-ben-floracio-2018-20-rotated.jpg\" \/>\n\t<meta property=\"og:image:width\" content=\"1091\" \/>\n\t<meta property=\"og:image:height\" content=\"1600\" \/>\n\t<meta property=\"og:image:type\" content=\"image\/jpeg\" \/>\n<meta name=\"twitter:card\" content=\"summary_large_image\" \/>\n<meta name=\"twitter:label1\" content=\"Tiempo de lectura\" \/>\n\t<meta name=\"twitter:data1\" content=\"5 minutos\" \/>\n<script type=\"application\/ld+json\" class=\"yoast-schema-graph\">{\"@context\":\"https:\\\/\\\/schema.org\",\"@graph\":[{\"@type\":\"WebPage\",\"@id\":\"https:\\\/\\\/tarvitur.com\\\/es\\\/portfolio-item\\\/educa-floracion-colores-de-ribera-y-perfume-del-ebro\\\/\",\"url\":\"https:\\\/\\\/tarvitur.com\\\/es\\\/portfolio-item\\\/educa-floracion-colores-de-ribera-y-perfume-del-ebro\\\/\",\"name\":\"Educa: Floraci\u00f3n\",\"isPartOf\":{\"@id\":\"https:\\\/\\\/tarvitur.com\\\/es\\\/#website\"},\"primaryImageOfPage\":{\"@id\":\"https:\\\/\\\/tarvitur.com\\\/es\\\/portfolio-item\\\/educa-floracion-colores-de-ribera-y-perfume-del-ebro\\\/#primaryimage\"},\"image\":{\"@id\":\"https:\\\/\\\/tarvitur.com\\\/es\\\/portfolio-item\\\/educa-floracion-colores-de-ribera-y-perfume-del-ebro\\\/#primaryimage\"},\"thumbnailUrl\":\"https:\\\/\\\/tarvitur.com\\\/wp-content\\\/uploads\\\/2024\\\/11\\\/tarvitur-visites-ben-floracio-2018-20-rotated.jpg\",\"datePublished\":\"2024-12-24T08:56:46+00:00\",\"dateModified\":\"2024-12-24T12:08:24+00:00\",\"description\":\"Colores y Perfume Terres del Ebre\",\"breadcrumb\":{\"@id\":\"https:\\\/\\\/tarvitur.com\\\/es\\\/portfolio-item\\\/educa-floracion-colores-de-ribera-y-perfume-del-ebro\\\/#breadcrumb\"},\"inLanguage\":\"es\",\"potentialAction\":[{\"@type\":\"ReadAction\",\"target\":[\"https:\\\/\\\/tarvitur.com\\\/es\\\/portfolio-item\\\/educa-floracion-colores-de-ribera-y-perfume-del-ebro\\\/\"]}]},{\"@type\":\"ImageObject\",\"inLanguage\":\"es\",\"@id\":\"https:\\\/\\\/tarvitur.com\\\/es\\\/portfolio-item\\\/educa-floracion-colores-de-ribera-y-perfume-del-ebro\\\/#primaryimage\",\"url\":\"https:\\\/\\\/tarvitur.com\\\/wp-content\\\/uploads\\\/2024\\\/11\\\/tarvitur-visites-ben-floracio-2018-20-rotated.jpg\",\"contentUrl\":\"https:\\\/\\\/tarvitur.com\\\/wp-content\\\/uploads\\\/2024\\\/11\\\/tarvitur-visites-ben-floracio-2018-20-rotated.jpg\",\"width\":1091,\"height\":1600,\"caption\":\"Educa - Floraci\u00f3n, colores de Ribera y perfume del Ebro\"},{\"@type\":\"BreadcrumbList\",\"@id\":\"https:\\\/\\\/tarvitur.com\\\/es\\\/portfolio-item\\\/educa-floracion-colores-de-ribera-y-perfume-del-ebro\\\/#breadcrumb\",\"itemListElement\":[{\"@type\":\"ListItem\",\"position\":1,\"name\":\"Inici\",\"item\":\"https:\\\/\\\/tarvitur.com\\\/es\\\/inicio\\\/\"},{\"@type\":\"ListItem\",\"position\":2,\"name\":\"Educa &#8211; Floraci\u00f3n, colores de Ribera y perfume del Ebro\"}]},{\"@type\":\"WebSite\",\"@id\":\"https:\\\/\\\/tarvitur.com\\\/es\\\/#website\",\"url\":\"https:\\\/\\\/tarvitur.com\\\/es\\\/\",\"name\":\"Tarvitur Visites Guiades\",\"description\":\"Visites guiades a l&#039;Ebre\",\"potentialAction\":[{\"@type\":\"SearchAction\",\"target\":{\"@type\":\"EntryPoint\",\"urlTemplate\":\"https:\\\/\\\/tarvitur.com\\\/es\\\/?s={search_term_string}\"},\"query-input\":{\"@type\":\"PropertyValueSpecification\",\"valueRequired\":true,\"valueName\":\"search_term_string\"}}],\"inLanguage\":\"es\"}]}<\/script>\n<!-- \/ Yoast SEO plugin. -->","yoast_head_json":{"title":"Educa: Floraci\u00f3n","description":"Colores y Perfume Terres del Ebre","robots":{"index":"index","follow":"follow","max-snippet":"max-snippet:-1","max-image-preview":"max-image-preview:large","max-video-preview":"max-video-preview:-1"},"canonical":"https:\/\/tarvitur.com\/es\/portfolio-item\/educa-floracion-colores-de-ribera-y-perfume-del-ebro\/","og_locale":"es_ES","og_type":"article","og_title":"Educa: Floraci\u00f3n","og_description":"Colores y Perfume Terres del Ebre","og_url":"https:\/\/tarvitur.com\/es\/portfolio-item\/educa-floracion-colores-de-ribera-y-perfume-del-ebro\/","og_site_name":"Tarvitur Visites Guiades","article_modified_time":"2024-12-24T12:08:24+00:00","og_image":[{"width":1091,"height":1600,"url":"https:\/\/tarvitur.com\/wp-content\/uploads\/2024\/11\/tarvitur-visites-ben-floracio-2018-20-rotated.jpg","type":"image\/jpeg"}],"twitter_card":"summary_large_image","twitter_misc":{"Tiempo de lectura":"5 minutos"},"schema":{"@context":"https:\/\/schema.org","@graph":[{"@type":"WebPage","@id":"https:\/\/tarvitur.com\/es\/portfolio-item\/educa-floracion-colores-de-ribera-y-perfume-del-ebro\/","url":"https:\/\/tarvitur.com\/es\/portfolio-item\/educa-floracion-colores-de-ribera-y-perfume-del-ebro\/","name":"Educa: Floraci\u00f3n","isPartOf":{"@id":"https:\/\/tarvitur.com\/es\/#website"},"primaryImageOfPage":{"@id":"https:\/\/tarvitur.com\/es\/portfolio-item\/educa-floracion-colores-de-ribera-y-perfume-del-ebro\/#primaryimage"},"image":{"@id":"https:\/\/tarvitur.com\/es\/portfolio-item\/educa-floracion-colores-de-ribera-y-perfume-del-ebro\/#primaryimage"},"thumbnailUrl":"https:\/\/tarvitur.com\/wp-content\/uploads\/2024\/11\/tarvitur-visites-ben-floracio-2018-20-rotated.jpg","datePublished":"2024-12-24T08:56:46+00:00","dateModified":"2024-12-24T12:08:24+00:00","description":"Colores y Perfume Terres del Ebre","breadcrumb":{"@id":"https:\/\/tarvitur.com\/es\/portfolio-item\/educa-floracion-colores-de-ribera-y-perfume-del-ebro\/#breadcrumb"},"inLanguage":"es","potentialAction":[{"@type":"ReadAction","target":["https:\/\/tarvitur.com\/es\/portfolio-item\/educa-floracion-colores-de-ribera-y-perfume-del-ebro\/"]}]},{"@type":"ImageObject","inLanguage":"es","@id":"https:\/\/tarvitur.com\/es\/portfolio-item\/educa-floracion-colores-de-ribera-y-perfume-del-ebro\/#primaryimage","url":"https:\/\/tarvitur.com\/wp-content\/uploads\/2024\/11\/tarvitur-visites-ben-floracio-2018-20-rotated.jpg","contentUrl":"https:\/\/tarvitur.com\/wp-content\/uploads\/2024\/11\/tarvitur-visites-ben-floracio-2018-20-rotated.jpg","width":1091,"height":1600,"caption":"Educa - Floraci\u00f3n, colores de Ribera y perfume del Ebro"},{"@type":"BreadcrumbList","@id":"https:\/\/tarvitur.com\/es\/portfolio-item\/educa-floracion-colores-de-ribera-y-perfume-del-ebro\/#breadcrumb","itemListElement":[{"@type":"ListItem","position":1,"name":"Inici","item":"https:\/\/tarvitur.com\/es\/inicio\/"},{"@type":"ListItem","position":2,"name":"Educa &#8211; Floraci\u00f3n, colores de Ribera y perfume del Ebro"}]},{"@type":"WebSite","@id":"https:\/\/tarvitur.com\/es\/#website","url":"https:\/\/tarvitur.com\/es\/","name":"Tarvitur Visites Guiades","description":"Visites guiades a l&#039;Ebre","potentialAction":[{"@type":"SearchAction","target":{"@type":"EntryPoint","urlTemplate":"https:\/\/tarvitur.com\/es\/?s={search_term_string}"},"query-input":{"@type":"PropertyValueSpecification","valueRequired":true,"valueName":"search_term_string"}}],"inLanguage":"es"}]}},"_links":{"self":[{"href":"https:\/\/tarvitur.com\/es\/wp-json\/wp\/v2\/portfolio\/1969","targetHints":{"allow":["GET"]}}],"collection":[{"href":"https:\/\/tarvitur.com\/es\/wp-json\/wp\/v2\/portfolio"}],"about":[{"href":"https:\/\/tarvitur.com\/es\/wp-json\/wp\/v2\/types\/portfolio"}],"author":[{"embeddable":true,"href":"https:\/\/tarvitur.com\/es\/wp-json\/wp\/v2\/users\/3"}],"replies":[{"embeddable":true,"href":"https:\/\/tarvitur.com\/es\/wp-json\/wp\/v2\/comments?post=1969"}],"version-history":[{"count":2,"href":"https:\/\/tarvitur.com\/es\/wp-json\/wp\/v2\/portfolio\/1969\/revisions"}],"predecessor-version":[{"id":2956,"href":"https:\/\/tarvitur.com\/es\/wp-json\/wp\/v2\/portfolio\/1969\/revisions\/2956"}],"wp:featuredmedia":[{"embeddable":true,"href":"https:\/\/tarvitur.com\/es\/wp-json\/wp\/v2\/media\/1970"}],"wp:attachment":[{"href":"https:\/\/tarvitur.com\/es\/wp-json\/wp\/v2\/media?parent=1969"}],"wp:term":[{"taxonomy":"post_tag","embeddable":true,"href":"https:\/\/tarvitur.com\/es\/wp-json\/wp\/v2\/tags?post=1969"},{"taxonomy":"portfolio_entries","embeddable":true,"href":"https:\/\/tarvitur.com\/es\/wp-json\/wp\/v2\/portfolio_entries?post=1969"}],"curies":[{"name":"wp","href":"https:\/\/api.w.org\/{rel}","templated":true}]}}